{"id":23216,"date":"2026-02-06T13:47:25","date_gmt":"2026-02-06T12:47:25","guid":{"rendered":"https:\/\/propixel.be\/portfolio\/aydos-voertuigbelettering-en-pechhulp\/"},"modified":"2026-08-29T22:49:10","modified_gmt":"2026-08-29T20:49:10","slug":"aydos-voertuigbelettering-en-pechhulp","status":"publish","type":"portfolio","link":"https:\/\/propixel.be\/nl\/portfolio\/aydos-voertuigbelettering-en-pechhulp\/","title":{"rendered":"Aydos voertuigbelettering en pechhulp"},"content":{"rendered":"\t\t<div data-elementor-type=\"wp-post\" data-elementor-id=\"23216\" class=\"elementor elementor-23216 elementor-21769\">\n\t\t\t\t<div class=\"wd-negative-gap elementor-element elementor-element-36823284 e-flex e-con-boxed e-con e-parent\" data-id=\"36823284\" data-element_type=\"container\" data-e-type=\"container\">\n\t\t\t\t\t<div class=\"e-con-inner\">\n\t\t\t\t<div class=\"elementor-element elementor-element-6b64213b wd-width-100 elementor-widget elementor-widget-wd_title\" data-id=\"6b64213b\" data-element_type=\"widget\" data-e-type=\"widget\" data-widget_type=\"wd_title.default\">\n\t\t\t\t<div class=\"elementor-widget-container\">\n\t\t\t\t\t\t\t<div class=\"title-wrapper wd-set-mb reset-last-child wd-title-color-primary wd-title-style-simple wd-title-size-default text-left\">\n\n\t\t\t\n\t\t\t<div class=\"liner-continer\">\n\t\t\t\t<h4 class=\"woodmart-title-container title wd-fontsize-l\">Voertuigbelettering  <\/h4> \n\t\t\t\t\t\t\t<\/div>\n\n\t\t\t\t\t<\/div>\n\t\t\t\t\t\t<\/div>\n\t\t\t\t<\/div>\n\t\t\t\t\t<\/div>\n\t\t\t\t<\/div>\n\t\t\t\t<section class=\"wd-negative-gap elementor-section elementor-top-section elementor-element elementor-element-51c32cb elementor-section-boxed elementor-section-height-default elementor-section-height-default\" data-id=\"51c32cb\" data-element_type=\"section\" data-e-type=\"section\">\n\t\t\t\t\t\t<div class=\"elementor-container elementor-column-gap-default\">\n\t\t\t\t\t<div class=\"elementor-column elementor-col-100 elementor-top-column elementor-element elementor-element-44d5daf0\" data-id=\"44d5daf0\" data-element_type=\"column\" data-e-type=\"column\">\n\t\t\t<div class=\"elementor-widget-wrap elementor-element-populated\">\n\t\t\t\t\t\t<div class=\"elementor-element elementor-element-2b52d50a wd-width-100 elementor-widget elementor-widget-wd_images_gallery\" data-id=\"2b52d50a\" data-element_type=\"widget\" data-e-type=\"widget\" data-widget_type=\"wd_images_gallery.default\">\n\t\t\t\t<div class=\"elementor-widget-container\">\n\t\t\t\t\t\t\t<div class=\"wd-images-gallery photoswipe-images wd-carousel-container\" style=\"--wd-align-items:center; --wd-justify-content:center;\">\n\t\t\t\t\t\t\t<div class=\"wd-carousel-inner\">\n\t\t\t\t\t\t<div class=\"wd-carousel wd-grid\" data-scroll_per_page=\"yes\" style=\"--wd-col-lg:2;--wd-col-md:2;--wd-col-sm:1;--wd-gap-lg:10px;\">\n\t\t\t\t\t\t\t\t\t<div class=\"wd-carousel-wrap\">\n\t\t\t\t\t\t\t\t\t\t\t\t\t\t\t\t\t\t<div class=\"wd-gallery-item wd-carousel-item\">\n\t\t\t\t\t\t\t\t\t\t\t\t\t<a  href=\"https:\/\/propixel.be\/wp-content\/uploads\/2026\/02\/vehicuaigle3.jpg\" data-width=\"1000\" data-height=\"1000\" data-index=\"1\" data-elementor-open-lightbox=\"no\">\n\t\t\t\t\t\t\n\t\t\t\t\t\t<img loading=\"lazy\" decoding=\"async\" width=\"1000\" height=\"1000\" src=\"https:\/\/propixel.be\/wp-content\/uploads\/2026\/02\/vehicuaigle3.jpg\" class=\"attachment-full size-full\" alt=\"Vehicuaigle3\" srcset=\"https:\/\/propixel.be\/wp-content\/uploads\/2026\/02\/vehicuaigle3.jpg 1000w, https:\/\/propixel.be\/wp-content\/uploads\/2026\/02\/vehicuaigle3-300x300.jpg 300w, https:\/\/propixel.be\/wp-content\/uploads\/2026\/02\/vehicuaigle3-150x150.jpg 150w, https:\/\/propixel.be\/wp-content\/uploads\/2026\/02\/vehicuaigle3-768x768.jpg 768w, https:\/\/propixel.be\/wp-content\/uploads\/2026\/02\/vehicuaigle3-600x600.jpg 600w\" sizes=\"auto, (max-width: 1000px) 100vw, 1000px\" \/>\n\t\t\t\t\t\t\t\t\t\t\t\t\t<\/a>\n\t\t\t\t\t\t\t\t\t\t\t<\/div>\n\t\t\t\t\t\t\t\t\t\t\t\t\t\t\t<div class=\"wd-gallery-item wd-carousel-item\">\n\t\t\t\t\t\t\t\t\t\t\t\t\t<a  href=\"https:\/\/propixel.be\/wp-content\/uploads\/2026\/02\/vehicuaigle1.jpg\" data-width=\"1000\" data-height=\"1000\" data-index=\"2\" data-elementor-open-lightbox=\"no\">\n\t\t\t\t\t\t\n\t\t\t\t\t\t<img loading=\"lazy\" decoding=\"async\" width=\"1000\" height=\"1000\" src=\"https:\/\/propixel.be\/wp-content\/uploads\/2026\/02\/vehicuaigle1.jpg\" class=\"attachment-full size-full\" alt=\"vehicuaigle1\" srcset=\"https:\/\/propixel.be\/wp-content\/uploads\/2026\/02\/vehicuaigle1.jpg 1000w, https:\/\/propixel.be\/wp-content\/uploads\/2026\/02\/vehicuaigle1-300x300.jpg 300w, https:\/\/propixel.be\/wp-content\/uploads\/2026\/02\/vehicuaigle1-150x150.jpg 150w, https:\/\/propixel.be\/wp-content\/uploads\/2026\/02\/vehicuaigle1-768x768.jpg 768w, https:\/\/propixel.be\/wp-content\/uploads\/2026\/02\/vehicuaigle1-600x600.jpg 600w\" sizes=\"auto, (max-width: 1000px) 100vw, 1000px\" \/>\n\t\t\t\t\t\t\t\t\t\t\t\t\t<\/a>\n\t\t\t\t\t\t\t\t\t\t\t<\/div>\n\t\t\t\t\t\t\t\t\t\t\t\t\t\t\t\t<\/div>\n\t\t\t\t\t\t\t\t<\/div>\n\t\t\t\t\t\t\t\n\t\t\t\t<\/div>\n\n\t\t\t\t\t\t\t\t\t\t\t\t\t<\/div>\n\t\t\t\t\t\t<\/div>\n\t\t\t\t<\/div>\n\t\t\t\t<div class=\"elementor-element elementor-element-9697027 wd-width-100 elementor-widget elementor-widget-wd_images_gallery\" data-id=\"9697027\" data-element_type=\"widget\" data-e-type=\"widget\" data-widget_type=\"wd_images_gallery.default\">\n\t\t\t\t<div class=\"elementor-widget-container\">\n\t\t\t\t\t\t\t<div class=\"wd-images-gallery photoswipe-images wd-carousel-container\" style=\"--wd-align-items:center; --wd-justify-content:center;\">\n\t\t\t\t\t\t\t<div class=\"wd-carousel-inner\">\n\t\t\t\t\t\t<div class=\"wd-carousel wd-grid\" data-scroll_per_page=\"yes\" style=\"--wd-col-lg:2;--wd-col-md:2;--wd-col-sm:1;--wd-gap-lg:10px;\">\n\t\t\t\t\t\t\t\t\t<div class=\"wd-carousel-wrap\">\n\t\t\t\t\t\t\t\t\t\t\t\t\t\t\t\t\t\t<div class=\"wd-gallery-item wd-carousel-item\">\n\t\t\t\t\t\t\t\t\t\t\t\t\t<a  href=\"https:\/\/propixel.be\/wp-content\/uploads\/2026\/02\/vehicuaigle2.jpg\" data-width=\"1000\" data-height=\"1000\" data-index=\"1\" data-elementor-open-lightbox=\"no\">\n\t\t\t\t\t\t\n\t\t\t\t\t\t<img loading=\"lazy\" decoding=\"async\" width=\"1000\" height=\"1000\" src=\"https:\/\/propixel.be\/wp-content\/uploads\/2026\/02\/vehicuaigle2.jpg\" class=\"attachment-full size-full\" alt=\"Vehicuaigle2\" srcset=\"https:\/\/propixel.be\/wp-content\/uploads\/2026\/02\/vehicuaigle2.jpg 1000w, https:\/\/propixel.be\/wp-content\/uploads\/2026\/02\/vehicuaigle2-300x300.jpg 300w, https:\/\/propixel.be\/wp-content\/uploads\/2026\/02\/vehicuaigle2-150x150.jpg 150w, https:\/\/propixel.be\/wp-content\/uploads\/2026\/02\/vehicuaigle2-768x768.jpg 768w, https:\/\/propixel.be\/wp-content\/uploads\/2026\/02\/vehicuaigle2-600x600.jpg 600w\" sizes=\"auto, (max-width: 1000px) 100vw, 1000px\" \/>\n\t\t\t\t\t\t\t\t\t\t\t\t\t<\/a>\n\t\t\t\t\t\t\t\t\t\t\t<\/div>\n\t\t\t\t\t\t\t\t\t\t\t\t\t\t\t<div class=\"wd-gallery-item wd-carousel-item\">\n\t\t\t\t\t\t\t\t\t\t\t\t\t<a  href=\"https:\/\/propixel.be\/wp-content\/uploads\/2026\/02\/vehicuaigle.jpg\" data-width=\"1000\" data-height=\"1000\" data-index=\"2\" data-elementor-open-lightbox=\"no\">\n\t\t\t\t\t\t\n\t\t\t\t\t\t<img loading=\"lazy\" decoding=\"async\" width=\"1000\" height=\"1000\" src=\"https:\/\/propixel.be\/wp-content\/uploads\/2026\/02\/vehicuaigle.jpg\" class=\"attachment-full size-full\" alt=\"Vehicuaigle\" srcset=\"https:\/\/propixel.be\/wp-content\/uploads\/2026\/02\/vehicuaigle.jpg 1000w, https:\/\/propixel.be\/wp-content\/uploads\/2026\/02\/vehicuaigle-300x300.jpg 300w, https:\/\/propixel.be\/wp-content\/uploads\/2026\/02\/vehicuaigle-150x150.jpg 150w, https:\/\/propixel.be\/wp-content\/uploads\/2026\/02\/vehicuaigle-768x768.jpg 768w, https:\/\/propixel.be\/wp-content\/uploads\/2026\/02\/vehicuaigle-600x600.jpg 600w\" sizes=\"auto, (max-width: 1000px) 100vw, 1000px\" \/>\n\t\t\t\t\t\t\t\t\t\t\t\t\t<\/a>\n\t\t\t\t\t\t\t\t\t\t\t<\/div>\n\t\t\t\t\t\t\t\t\t\t\t\t\t\t\t\t<\/div>\n\t\t\t\t\t\t\t\t<\/div>\n\t\t\t\t\t\t\t\n\t\t\t\t<\/div>\n\n\t\t\t\t\t\t\t\t\t\t\t\t\t<\/div>\n\t\t\t\t\t\t<\/div>\n\t\t\t\t<\/div>\n\t\t\t\t\t<\/div>\n\t\t<\/div>\n\t\t\t\t\t<\/div>\n\t\t<\/section>\n\t\t<div class=\"wd-negative-gap elementor-element elementor-element-4009773f e-flex e-con-boxed e-con e-parent\" data-id=\"4009773f\" data-element_type=\"container\" data-e-type=\"container\" data-settings=\"{&quot;background_background&quot;:&quot;classic&quot;}\">\n\t\t\t\t\t<div class=\"e-con-inner\">\n\t\t\t\t<div class=\"elementor-element elementor-element-44e59e4a wd-width-100 elementor-widget elementor-widget-wd_title\" data-id=\"44e59e4a\" data-element_type=\"widget\" data-e-type=\"widget\" data-widget_type=\"wd_title.default\">\n\t\t\t\t<div class=\"elementor-widget-container\">\n\t\t\t\t\t\t\t<div class=\"title-wrapper wd-set-mb reset-last-child wd-title-color-default wd-title-style-default wd-title-size-default text-left\">\n\n\t\t\t\n\t\t\t<div class=\"liner-continer\">\n\t\t\t\t<h4 class=\"woodmart-title-container title wd-fontsize-l\">Toepassing van voertuigbelettering<\/h4> \n\t\t\t\t\t\t\t<\/div>\n\n\t\t\t\t\t\t\t<div class=\"title-after_title reset-last-child wd-fontsize-xs\">\n\t\t\t\t\t<p>Transformeer uw voertuigen in mobiele merkambassadeurs met onze voertuigbelettering. Of u nu de zichtbaarheid van uw bedrijf wilt vergroten, uw merkimago wilt versterken of simpelweg een dynamische uitstraling aan uw wagenpark wilt geven, wij helpen u graag uw doelen te bereiken. Ons creatieve team werkt nauw met u samen om belettering te ontwerpen die de aandacht trekt en een blijvende indruk achterlaat. Van ontwerp tot vakkundige installatie, wij streven ernaar oplossingen op maat te bieden die de essentie van uw bedrijf weerspiegelen. Maak van elke rit een marketingkans met voertuigen die opvallen op de weg, de aandacht trekken en zakelijke kansen cre\u00ebren. Met onze expertise en passie voor excellentie zijn wij klaar om uw wagenpark om te vormen tot een krachtige motor voor merkpromotie.     <\/p>\t\t\t\t<\/div>\n\t\t\t\t\t<\/div>\n\t\t\t\t\t\t<\/div>\n\t\t\t\t<\/div>\n\t\t\t\t<div class=\"elementor-element elementor-element-125e57e1 elementor-widget elementor-widget-button\" data-id=\"125e57e1\" data-element_type=\"widget\" data-e-type=\"widget\" data-widget_type=\"button.default\">\n\t\t\t\t<div class=\"elementor-widget-container\">\n\t\t\t\t\t\t\t\t\t<div class=\"elementor-button-wrapper\">\n\t\t\t\t\t<a class=\"elementor-button elementor-button-link elementor-size-sm\" href=\"https:\/\/propixel.be\/nl\/een-offerte-aanvragen\/\">\n\t\t\t\t\t\t<span class=\"elementor-button-content-wrapper\">\n\t\t\t\t\t\t\t\t\t<span class=\"elementor-button-text\">-&gt; Klik hier om uw voertuigbelettering te ontwerpen!<\/span>\n\t\t\t\t\t<\/span>\n\t\t\t\t\t<\/a>\n\t\t\t\t<\/div>\n\t\t\t\t\t\t\t\t<\/div>\n\t\t\t\t<\/div>\n\t\t\t\t\t<\/div>\n\t\t\t\t<\/div>\n\t\t\t\t<\/div>\n\t\t","protected":false},"excerpt":{"rendered":"<p>Voertuigbelettering Toepassing van voertuigbelettering Transformeer uw voertuigen in mobiele merkambassadeurs met onze voertuigbelettering. Of u nu de zichtbaarheid van uw<\/p>\n","protected":false},"featured_media":21774,"menu_order":0,"comment_status":"open","ping_status":"closed","template":"","project-cat":[191],"class_list":["post-23216","portfolio","type-portfolio","status-publish","has-post-thumbnail","hentry","project-cat-voertuig-wrap"],"yoast_head":"<!-- This site is optimized with the Yoast SEO Premium plugin v22.9 (Yoast SEO v28.3) - https:\/\/yoast.com\/product\/yoast-seo-premium-wordpress\/ -->\n<title>-<\/title>\n<meta name=\"robots\" content=\"index, follow, max-snippet:-1, max-image-preview:large, max-video-preview:-1\" \/>\n<link rel=\"canonical\" href=\"https:\/\/propixel.be\/nl\/portfolio\/aydos-voertuigbelettering-en-pechhulp\/\" \/>\n<meta property=\"og:locale\" content=\"nl_NL\" \/>\n<meta property=\"og:type\" content=\"article\" \/>\n<meta property=\"og:title\" content=\"Aydos voertuigbelettering en pechhulp\" \/>\n<meta property=\"og:description\" content=\"Voertuigbelettering Toepassing van voertuigbelettering Transformeer uw voertuigen in mobiele merkambassadeurs met onze voertuigbelettering. Of u nu de zichtbaarheid van uw\" \/>\n<meta property=\"og:url\" content=\"https:\/\/propixel.be\/nl\/portfolio\/aydos-voertuigbelettering-en-pechhulp\/\" \/>\n<meta property=\"og:site_name\" content=\"Propixel\" \/>\n<meta property=\"article:publisher\" content=\"https:\/\/www.facebook.com\/propixel\" \/>\n<meta property=\"article:modified_time\" content=\"2026-08-29T20:49:10+00:00\" \/>\n<meta property=\"og:image\" content=\"https:\/\/propixel.be\/wp-content\/uploads\/2026\/02\/vehicuaigle1.jpg\" \/>\n\t<meta property=\"og:image:width\" content=\"1000\" \/>\n\t<meta property=\"og:image:height\" content=\"1000\" \/>\n\t<meta property=\"og:image:type\" content=\"image\/jpeg\" \/>\n<meta name=\"twitter:card\" content=\"summary_large_image\" \/>\n<meta name=\"twitter:label1\" content=\"Geschatte leestijd\" \/>\n\t<meta name=\"twitter:data1\" content=\"1 minuut\" \/>\n<script type=\"application\/ld+json\" class=\"yoast-schema-graph\">{\"@context\":\"https:\\\/\\\/schema.org\",\"@graph\":[{\"@type\":\"WebPage\",\"@id\":\"https:\\\/\\\/propixel.be\\\/nl\\\/portfolio\\\/aydos-voertuigbelettering-en-pechhulp\\\/\",\"url\":\"https:\\\/\\\/propixel.be\\\/nl\\\/portfolio\\\/aydos-voertuigbelettering-en-pechhulp\\\/\",\"name\":\"-\",\"isPartOf\":{\"@id\":\"https:\\\/\\\/propixel.be\\\/#website\"},\"primaryImageOfPage\":{\"@id\":\"https:\\\/\\\/propixel.be\\\/nl\\\/portfolio\\\/aydos-voertuigbelettering-en-pechhulp\\\/#primaryimage\"},\"image\":{\"@id\":\"https:\\\/\\\/propixel.be\\\/nl\\\/portfolio\\\/aydos-voertuigbelettering-en-pechhulp\\\/#primaryimage\"},\"thumbnailUrl\":\"https:\\\/\\\/propixel.be\\\/wp-content\\\/uploads\\\/2026\\\/02\\\/vehicuaigle1.jpg\",\"datePublished\":\"2026-02-06T12:47:25+00:00\",\"dateModified\":\"2026-08-29T20:49:10+00:00\",\"breadcrumb\":{\"@id\":\"https:\\\/\\\/propixel.be\\\/nl\\\/portfolio\\\/aydos-voertuigbelettering-en-pechhulp\\\/#breadcrumb\"},\"inLanguage\":\"nl-NL\",\"potentialAction\":[{\"@type\":\"ReadAction\",\"target\":[\"https:\\\/\\\/propixel.be\\\/nl\\\/portfolio\\\/aydos-voertuigbelettering-en-pechhulp\\\/\"]}]},{\"@type\":\"ImageObject\",\"inLanguage\":\"nl-NL\",\"@id\":\"https:\\\/\\\/propixel.be\\\/nl\\\/portfolio\\\/aydos-voertuigbelettering-en-pechhulp\\\/#primaryimage\",\"url\":\"https:\\\/\\\/propixel.be\\\/wp-content\\\/uploads\\\/2026\\\/02\\\/vehicuaigle1.jpg\",\"contentUrl\":\"https:\\\/\\\/propixel.be\\\/wp-content\\\/uploads\\\/2026\\\/02\\\/vehicuaigle1.jpg\",\"width\":1000,\"height\":1000},{\"@type\":\"BreadcrumbList\",\"@id\":\"https:\\\/\\\/propixel.be\\\/nl\\\/portfolio\\\/aydos-voertuigbelettering-en-pechhulp\\\/#breadcrumb\",\"itemListElement\":[{\"@type\":\"ListItem\",\"position\":1,\"name\":\"Welkom\",\"item\":\"https:\\\/\\\/propixel.be\\\/nl\\\/\"},{\"@type\":\"ListItem\",\"position\":2,\"name\":\"Portfolio\",\"item\":\"https:\\\/\\\/propixel.be\\\/portfolio\\\/\"},{\"@type\":\"ListItem\",\"position\":3,\"name\":\"Aydos voertuigbelettering en pechhulp\"}]},{\"@type\":\"WebSite\",\"@id\":\"https:\\\/\\\/propixel.be\\\/#website\",\"url\":\"https:\\\/\\\/propixel.be\\\/\",\"name\":\"Propixel\",\"description\":\"D&#039;une id\u00e9e \u00e0 la r\u00e9alit\u00e9, notre m\u00e9tier !\",\"publisher\":{\"@id\":\"https:\\\/\\\/propixel.be\\\/#organization\"},\"potentialAction\":[{\"@type\":\"SearchAction\",\"target\":{\"@type\":\"EntryPoint\",\"urlTemplate\":\"https:\\\/\\\/propixel.be\\\/?s={search_term_string}\"},\"query-input\":{\"@type\":\"PropertyValueSpecification\",\"valueRequired\":true,\"valueName\":\"search_term_string\"}}],\"inLanguage\":\"nl-NL\"},{\"@type\":\"Organization\",\"@id\":\"https:\\\/\\\/propixel.be\\\/#organization\",\"name\":\"Aykan Deveci\",\"alternateName\":\"Aykan Deveci\",\"url\":\"https:\\\/\\\/propixel.be\\\/\",\"logo\":{\"@type\":\"ImageObject\",\"inLanguage\":\"nl-NL\",\"@id\":\"https:\\\/\\\/propixel.be\\\/#\\\/schema\\\/logo\\\/image\\\/\",\"url\":\"https:\\\/\\\/propixel.be\\\/wp-content\\\/uploads\\\/2023\\\/06\\\/styky-logo.png\",\"contentUrl\":\"https:\\\/\\\/propixel.be\\\/wp-content\\\/uploads\\\/2023\\\/06\\\/styky-logo.png\",\"width\":243,\"height\":75,\"caption\":\"Aykan Deveci\"},\"image\":{\"@id\":\"https:\\\/\\\/propixel.be\\\/#\\\/schema\\\/logo\\\/image\\\/\"},\"sameAs\":[\"https:\\\/\\\/www.facebook.com\\\/propixel\",\"https:\\\/\\\/www.tiktok.com\\\/@propixel.design\",\"https:\\\/\\\/www.instagram.com\\\/propixel.design\\\/\"]}]}<\/script>\n<!-- \/ Yoast SEO Premium plugin. -->","yoast_head_json":{"title":"-","robots":{"index":"index","follow":"follow","max-snippet":"max-snippet:-1","max-image-preview":"max-image-preview:large","max-video-preview":"max-video-preview:-1"},"canonical":"https:\/\/propixel.be\/nl\/portfolio\/aydos-voertuigbelettering-en-pechhulp\/","og_locale":"nl_NL","og_type":"article","og_title":"Aydos voertuigbelettering en pechhulp","og_description":"Voertuigbelettering Toepassing van voertuigbelettering Transformeer uw voertuigen in mobiele merkambassadeurs met onze voertuigbelettering. Of u nu de zichtbaarheid van uw","og_url":"https:\/\/propixel.be\/nl\/portfolio\/aydos-voertuigbelettering-en-pechhulp\/","og_site_name":"Propixel","article_publisher":"https:\/\/www.facebook.com\/propixel","article_modified_time":"2026-08-29T20:49:10+00:00","og_image":[{"width":1000,"height":1000,"url":"https:\/\/propixel.be\/wp-content\/uploads\/2026\/02\/vehicuaigle1.jpg","type":"image\/jpeg"}],"twitter_card":"summary_large_image","twitter_misc":{"Geschatte leestijd":"1 minuut"},"schema":{"@context":"https:\/\/schema.org","@graph":[{"@type":"WebPage","@id":"https:\/\/propixel.be\/nl\/portfolio\/aydos-voertuigbelettering-en-pechhulp\/","url":"https:\/\/propixel.be\/nl\/portfolio\/aydos-voertuigbelettering-en-pechhulp\/","name":"-","isPartOf":{"@id":"https:\/\/propixel.be\/#website"},"primaryImageOfPage":{"@id":"https:\/\/propixel.be\/nl\/portfolio\/aydos-voertuigbelettering-en-pechhulp\/#primaryimage"},"image":{"@id":"https:\/\/propixel.be\/nl\/portfolio\/aydos-voertuigbelettering-en-pechhulp\/#primaryimage"},"thumbnailUrl":"https:\/\/propixel.be\/wp-content\/uploads\/2026\/02\/vehicuaigle1.jpg","datePublished":"2026-02-06T12:47:25+00:00","dateModified":"2026-08-29T20:49:10+00:00","breadcrumb":{"@id":"https:\/\/propixel.be\/nl\/portfolio\/aydos-voertuigbelettering-en-pechhulp\/#breadcrumb"},"inLanguage":"nl-NL","potentialAction":[{"@type":"ReadAction","target":["https:\/\/propixel.be\/nl\/portfolio\/aydos-voertuigbelettering-en-pechhulp\/"]}]},{"@type":"ImageObject","inLanguage":"nl-NL","@id":"https:\/\/propixel.be\/nl\/portfolio\/aydos-voertuigbelettering-en-pechhulp\/#primaryimage","url":"https:\/\/propixel.be\/wp-content\/uploads\/2026\/02\/vehicuaigle1.jpg","contentUrl":"https:\/\/propixel.be\/wp-content\/uploads\/2026\/02\/vehicuaigle1.jpg","width":1000,"height":1000},{"@type":"BreadcrumbList","@id":"https:\/\/propixel.be\/nl\/portfolio\/aydos-voertuigbelettering-en-pechhulp\/#breadcrumb","itemListElement":[{"@type":"ListItem","position":1,"name":"Welkom","item":"https:\/\/propixel.be\/nl\/"},{"@type":"ListItem","position":2,"name":"Portfolio","item":"https:\/\/propixel.be\/portfolio\/"},{"@type":"ListItem","position":3,"name":"Aydos voertuigbelettering en pechhulp"}]},{"@type":"WebSite","@id":"https:\/\/propixel.be\/#website","url":"https:\/\/propixel.be\/","name":"Propixel","description":"D&#039;une id\u00e9e \u00e0 la r\u00e9alit\u00e9, notre m\u00e9tier !","publisher":{"@id":"https:\/\/propixel.be\/#organization"},"potentialAction":[{"@type":"SearchAction","target":{"@type":"EntryPoint","urlTemplate":"https:\/\/propixel.be\/?s={search_term_string}"},"query-input":{"@type":"PropertyValueSpecification","valueRequired":true,"valueName":"search_term_string"}}],"inLanguage":"nl-NL"},{"@type":"Organization","@id":"https:\/\/propixel.be\/#organization","name":"Aykan Deveci","alternateName":"Aykan Deveci","url":"https:\/\/propixel.be\/","logo":{"@type":"ImageObject","inLanguage":"nl-NL","@id":"https:\/\/propixel.be\/#\/schema\/logo\/image\/","url":"https:\/\/propixel.be\/wp-content\/uploads\/2023\/06\/styky-logo.png","contentUrl":"https:\/\/propixel.be\/wp-content\/uploads\/2023\/06\/styky-logo.png","width":243,"height":75,"caption":"Aykan Deveci"},"image":{"@id":"https:\/\/propixel.be\/#\/schema\/logo\/image\/"},"sameAs":["https:\/\/www.facebook.com\/propixel","https:\/\/www.tiktok.com\/@propixel.design","https:\/\/www.instagram.com\/propixel.design\/"]}]}},"_links":{"self":[{"href":"https:\/\/propixel.be\/nl\/wp-json\/wp\/v2\/portfolio\/23216","targetHints":{"allow":["GET"]}}],"collection":[{"href":"https:\/\/propixel.be\/nl\/wp-json\/wp\/v2\/portfolio"}],"about":[{"href":"https:\/\/propixel.be\/nl\/wp-json\/wp\/v2\/types\/portfolio"}],"replies":[{"embeddable":true,"href":"https:\/\/propixel.be\/nl\/wp-json\/wp\/v2\/comments?post=23216"}],"version-history":[{"count":1,"href":"https:\/\/propixel.be\/nl\/wp-json\/wp\/v2\/portfolio\/23216\/revisions"}],"predecessor-version":[{"id":23218,"href":"https:\/\/propixel.be\/nl\/wp-json\/wp\/v2\/portfolio\/23216\/revisions\/23218"}],"wp:featuredmedia":[{"embeddable":true,"href":"https:\/\/propixel.be\/nl\/wp-json\/wp\/v2\/media\/21774"}],"wp:attachment":[{"href":"https:\/\/propixel.be\/nl\/wp-json\/wp\/v2\/media?parent=23216"}],"wp:term":[{"taxonomy":"project-cat","embeddable":true,"href":"https:\/\/propixel.be\/nl\/wp-json\/wp\/v2\/project-cat?post=23216"}],"curies":[{"name":"wp","href":"https:\/\/api.w.org\/{rel}","templated":true}]}}